{"id":600,"date":"2026-05-10T01:03:08","date_gmt":"2026-05-10T01:03:08","guid":{"rendered":"https:\/\/ferreteriaaldia.com\/shop\/?post_type=product&#038;p=600"},"modified":"2026-05-10T01:03:24","modified_gmt":"2026-05-10T01:03:24","slug":"espejo-fashion-corona","status":"publish","type":"product","link":"https:\/\/ferreteriaaldia.com\/shop\/producto\/espejo-fashion-corona\/","title":{"rendered":"Espejo Fashion Corona"},"content":{"rendered":"<p>Ahora tus espacios podr\u00e1n tener la elegancia y distinci\u00f3n que se merecen, gracias a los espejos con tecnolog\u00eda LED. Este espejo en vidrio flotado es de gran formato y personalizar\u00e1 tus ambientes, brindando funcionalidad al espacio.<br \/>\nCuenta con iluminaci\u00f3n LED (2 Bandas Horizontales 55 mm entre LED) y una intuitiva interfaz tipo touch para el encendido de la iluminaci\u00f3n. Sus dimensiones son de : 800mm x 600mm y 4mm de espesor.<br \/>\nCuenta con una conexi\u00f3n 110\/220 V @ 60 Hz con Plug Standart NEMA 5-15P con conexi\u00f3n a tierra y fuente de 12V. Su fuente el\u00e9ctrica est\u00e1 completamente sellada y resistente a humedad en el ba\u00f1o. Tiene inclu\u00eddos 1,5 metros de cable para alimentaci\u00f3n el\u00e9ctrica, as\u00ed como 42 piezas de luz LED c\u00e1lida. Led Power: min 0.12 watts &#8211; Max 0.15 watts. Eficacia de 37 lm\/Watt.<br \/>\nUn producto que se activa con un switch de sensor en la parte frontal Plug de 3 pines standart.<\/p>\n<h4><a href=\"https:\/\/ferreteriaaldia.com\/wp-content\/uploads\/2020\/09\/Ficha-T\u00e9cnica-Espejo-Fashion-Corona-Al-D\u00eda.pdf\" target=\"_blank\" rel=\"noopener noreferrer\"><img decoding=\"async\" class=\"alignnone wp-image-4010\" src=\"https:\/\/ferreteriaaldia.com\/wp-content\/uploads\/2020\/08\/27-300x300.png\" alt=\"\" width=\"50\" height=\"50\" \/><\/a>\u00a0Ficha T\u00e9cnica<\/h4>\n<h4 class=\"coc-collapsible-head\">Ventajas<\/h4>\n<div id=\"advantages\" class=\"coc-collapsible-body collapse in\" aria-expanded=\"true\">\n<div class=\"coc-collapsible-inner\">\n<ul>\n<li>Espejo en vidrio flotado.<\/li>\n<li>Es de gran formato.<\/li>\n<li>Personaliza tus ambientes y brinda funcionalidad al espacio.<\/li>\n<li>Tiene iluminaci\u00f3n LED c\u00e1lida.<\/li>\n<li>Intuitiva interfaz tipo touch para el encendido de la iluminaci\u00f3n.<\/li>\n<li>Fuente el\u00e9ctrica completamente sellada.<\/li>\n<li>Resistente a humedad en el ba\u00f1o.<\/li>\n<\/ul>\n<\/div>\n<\/div>\n<p>&nbsp;<\/p>\n<p>* Las fotograf\u00edas de productos y ambientes son ilustrativas, algunos atributos de color y textura pueden variar de acuerdo a la resoluci\u00f3n de tu pantalla y diferir de la realidad.<\/p>\n","protected":false},"excerpt":{"rendered":"<p>Ahora tus espacios podr\u00e1n tener la elegancia y distinci\u00f3n que se merecen, gracias a los espejos con tecnolog\u00eda LED. Este espejo en vidrio flotado es de gran formato y personalizar\u00e1 tus ambientes, brindando funcionalidad al espacio. Cuenta con iluminaci\u00f3n LED (2 Bandas Horizontales 55 mm entre LED) y una intuitiva interfaz tipo touch para el [&hellip;]<\/p>\n","protected":false},"featured_media":614,"comment_status":"open","ping_status":"closed","template":"","meta":{"_joinchat":[]},"product_brand":[26],"product_cat":[357],"product_tag":[22,480,34],"class_list":["post-600","product","type-product","status-publish","has-post-thumbnail","product_brand-corona","product_cat-accesorios","product_tag-bano","product_tag-espejo","product_tag-interior","first","instock","taxable","shipping-taxable","product-type-simple"],"yoast_head":"<!-- This site is optimized with the Yoast SEO plugin v27.5 - https:\/\/yoast.com\/product\/yoast-seo-wordpress\/ -->\n<title>Espejo Fashion Corona - Ferreteria al Dia<\/title>\n<meta name=\"robots\" content=\"index, follow, max-snippet:-1, max-image-preview:large, max-video-preview:-1\" \/>\n<link rel=\"canonical\" href=\"https:\/\/ferreteriaaldia.com\/shop\/producto\/espejo-fashion-corona\/\" \/>\n<meta property=\"og:locale\" content=\"es_ES\" \/>\n<meta property=\"og:type\" content=\"article\" \/>\n<meta property=\"og:title\" content=\"Espejo Fashion Corona - Ferreteria al Dia\" \/>\n<meta property=\"og:description\" content=\"Ahora tus espacios podr\u00e1n tener la elegancia y distinci\u00f3n que se merecen, gracias a los espejos con tecnolog\u00eda LED. Este espejo en vidrio flotado es de gran formato y personalizar\u00e1 tus ambientes, brindando funcionalidad al espacio. Cuenta con iluminaci\u00f3n LED (2 Bandas Horizontales 55 mm entre LED) y una intuitiva interfaz tipo touch para el [&hellip;]\" \/>\n<meta property=\"og:url\" content=\"https:\/\/ferreteriaaldia.com\/shop\/producto\/espejo-fashion-corona\/\" \/>\n<meta property=\"og:site_name\" content=\"Ferreteria al Dia\" \/>\n<meta property=\"article:modified_time\" content=\"2026-05-10T01:03:24+00:00\" \/>\n<meta property=\"og:image\" content=\"https:\/\/ferreteriaaldia.com\/shop\/wp-content\/uploads\/2026\/05\/Espejo-Fashion-Corona-Al-Dia.jpg\" \/>\n\t<meta property=\"og:image:width\" content=\"1200\" \/>\n\t<meta property=\"og:image:height\" content=\"1200\" \/>\n\t<meta property=\"og:image:type\" content=\"image\/jpeg\" \/>\n<meta name=\"twitter:card\" content=\"summary_large_image\" \/>\n<meta name=\"twitter:label1\" content=\"Tiempo de lectura\" \/>\n\t<meta name=\"twitter:data1\" content=\"1 minuto\" \/>\n<script type=\"application\/ld+json\" class=\"yoast-schema-graph\">{\"@context\":\"https:\\\/\\\/schema.org\",\"@graph\":[{\"@type\":\"WebPage\",\"@id\":\"https:\\\/\\\/ferreteriaaldia.com\\\/shop\\\/producto\\\/espejo-fashion-corona\\\/\",\"url\":\"https:\\\/\\\/ferreteriaaldia.com\\\/shop\\\/producto\\\/espejo-fashion-corona\\\/\",\"name\":\"Espejo Fashion Corona - Ferreteria al Dia\",\"isPartOf\":{\"@id\":\"https:\\\/\\\/ferreteriaaldia.com\\\/shop\\\/#website\"},\"primaryImageOfPage\":{\"@id\":\"https:\\\/\\\/ferreteriaaldia.com\\\/shop\\\/producto\\\/espejo-fashion-corona\\\/#primaryimage\"},\"image\":{\"@id\":\"https:\\\/\\\/ferreteriaaldia.com\\\/shop\\\/producto\\\/espejo-fashion-corona\\\/#primaryimage\"},\"thumbnailUrl\":\"https:\\\/\\\/ferreteriaaldia.com\\\/shop\\\/wp-content\\\/uploads\\\/2026\\\/05\\\/Espejo-Fashion-Corona-Al-Dia.jpg\",\"datePublished\":\"2026-05-10T01:03:08+00:00\",\"dateModified\":\"2026-05-10T01:03:24+00:00\",\"breadcrumb\":{\"@id\":\"https:\\\/\\\/ferreteriaaldia.com\\\/shop\\\/producto\\\/espejo-fashion-corona\\\/#breadcrumb\"},\"inLanguage\":\"es\",\"potentialAction\":[{\"@type\":\"ReadAction\",\"target\":[\"https:\\\/\\\/ferreteriaaldia.com\\\/shop\\\/producto\\\/espejo-fashion-corona\\\/\"]}]},{\"@type\":\"ImageObject\",\"inLanguage\":\"es\",\"@id\":\"https:\\\/\\\/ferreteriaaldia.com\\\/shop\\\/producto\\\/espejo-fashion-corona\\\/#primaryimage\",\"url\":\"https:\\\/\\\/ferreteriaaldia.com\\\/shop\\\/wp-content\\\/uploads\\\/2026\\\/05\\\/Espejo-Fashion-Corona-Al-Dia.jpg\",\"contentUrl\":\"https:\\\/\\\/ferreteriaaldia.com\\\/shop\\\/wp-content\\\/uploads\\\/2026\\\/05\\\/Espejo-Fashion-Corona-Al-Dia.jpg\",\"width\":1200,\"height\":1200},{\"@type\":\"BreadcrumbList\",\"@id\":\"https:\\\/\\\/ferreteriaaldia.com\\\/shop\\\/producto\\\/espejo-fashion-corona\\\/#breadcrumb\",\"itemListElement\":[{\"@type\":\"ListItem\",\"position\":1,\"name\":\"Inicio\",\"item\":\"https:\\\/\\\/ferreteriaaldia.com\\\/shop\\\/\"},{\"@type\":\"ListItem\",\"position\":2,\"name\":\"Tienda\",\"item\":\"https:\\\/\\\/ferreteriaaldia.com\\\/shop\\\/\"},{\"@type\":\"ListItem\",\"position\":3,\"name\":\"Espejo Fashion Corona\"}]},{\"@type\":\"WebSite\",\"@id\":\"https:\\\/\\\/ferreteriaaldia.com\\\/shop\\\/#website\",\"url\":\"https:\\\/\\\/ferreteriaaldia.com\\\/shop\\\/\",\"name\":\"Ferreteria al Dia\",\"description\":\"\",\"publisher\":{\"@id\":\"https:\\\/\\\/ferreteriaaldia.com\\\/shop\\\/#organization\"},\"potentialAction\":[{\"@type\":\"SearchAction\",\"target\":{\"@type\":\"EntryPoint\",\"urlTemplate\":\"https:\\\/\\\/ferreteriaaldia.com\\\/shop\\\/?s={search_term_string}\"},\"query-input\":{\"@type\":\"PropertyValueSpecification\",\"valueRequired\":true,\"valueName\":\"search_term_string\"}}],\"inLanguage\":\"es\"},{\"@type\":\"Organization\",\"@id\":\"https:\\\/\\\/ferreteriaaldia.com\\\/shop\\\/#organization\",\"name\":\"Ferreteria al Dia\",\"url\":\"https:\\\/\\\/ferreteriaaldia.com\\\/shop\\\/\",\"logo\":{\"@type\":\"ImageObject\",\"inLanguage\":\"es\",\"@id\":\"https:\\\/\\\/ferreteriaaldia.com\\\/shop\\\/#\\\/schema\\\/logo\\\/image\\\/\",\"url\":\"https:\\\/\\\/ferreteriaaldia.com\\\/shop\\\/wp-content\\\/uploads\\\/2026\\\/05\\\/logo-44.png\",\"contentUrl\":\"https:\\\/\\\/ferreteriaaldia.com\\\/shop\\\/wp-content\\\/uploads\\\/2026\\\/05\\\/logo-44.png\",\"width\":320,\"height\":91,\"caption\":\"Ferreteria al Dia\"},\"image\":{\"@id\":\"https:\\\/\\\/ferreteriaaldia.com\\\/shop\\\/#\\\/schema\\\/logo\\\/image\\\/\"}}]}<\/script>\n<!-- \/ Yoast SEO plugin. -->","yoast_head_json":{"title":"Espejo Fashion Corona - Ferreteria al Dia","robots":{"index":"index","follow":"follow","max-snippet":"max-snippet:-1","max-image-preview":"max-image-preview:large","max-video-preview":"max-video-preview:-1"},"canonical":"https:\/\/ferreteriaaldia.com\/shop\/producto\/espejo-fashion-corona\/","og_locale":"es_ES","og_type":"article","og_title":"Espejo Fashion Corona - Ferreteria al Dia","og_description":"Ahora tus espacios podr\u00e1n tener la elegancia y distinci\u00f3n que se merecen, gracias a los espejos con tecnolog\u00eda LED. Este espejo en vidrio flotado es de gran formato y personalizar\u00e1 tus ambientes, brindando funcionalidad al espacio. Cuenta con iluminaci\u00f3n LED (2 Bandas Horizontales 55 mm entre LED) y una intuitiva interfaz tipo touch para el [&hellip;]","og_url":"https:\/\/ferreteriaaldia.com\/shop\/producto\/espejo-fashion-corona\/","og_site_name":"Ferreteria al Dia","article_modified_time":"2026-05-10T01:03:24+00:00","og_image":[{"width":1200,"height":1200,"url":"https:\/\/ferreteriaaldia.com\/shop\/wp-content\/uploads\/2026\/05\/Espejo-Fashion-Corona-Al-Dia.jpg","type":"image\/jpeg"}],"twitter_card":"summary_large_image","twitter_misc":{"Tiempo de lectura":"1 minuto"},"schema":{"@context":"https:\/\/schema.org","@graph":[{"@type":"WebPage","@id":"https:\/\/ferreteriaaldia.com\/shop\/producto\/espejo-fashion-corona\/","url":"https:\/\/ferreteriaaldia.com\/shop\/producto\/espejo-fashion-corona\/","name":"Espejo Fashion Corona - Ferreteria al Dia","isPartOf":{"@id":"https:\/\/ferreteriaaldia.com\/shop\/#website"},"primaryImageOfPage":{"@id":"https:\/\/ferreteriaaldia.com\/shop\/producto\/espejo-fashion-corona\/#primaryimage"},"image":{"@id":"https:\/\/ferreteriaaldia.com\/shop\/producto\/espejo-fashion-corona\/#primaryimage"},"thumbnailUrl":"https:\/\/ferreteriaaldia.com\/shop\/wp-content\/uploads\/2026\/05\/Espejo-Fashion-Corona-Al-Dia.jpg","datePublished":"2026-05-10T01:03:08+00:00","dateModified":"2026-05-10T01:03:24+00:00","breadcrumb":{"@id":"https:\/\/ferreteriaaldia.com\/shop\/producto\/espejo-fashion-corona\/#breadcrumb"},"inLanguage":"es","potentialAction":[{"@type":"ReadAction","target":["https:\/\/ferreteriaaldia.com\/shop\/producto\/espejo-fashion-corona\/"]}]},{"@type":"ImageObject","inLanguage":"es","@id":"https:\/\/ferreteriaaldia.com\/shop\/producto\/espejo-fashion-corona\/#primaryimage","url":"https:\/\/ferreteriaaldia.com\/shop\/wp-content\/uploads\/2026\/05\/Espejo-Fashion-Corona-Al-Dia.jpg","contentUrl":"https:\/\/ferreteriaaldia.com\/shop\/wp-content\/uploads\/2026\/05\/Espejo-Fashion-Corona-Al-Dia.jpg","width":1200,"height":1200},{"@type":"BreadcrumbList","@id":"https:\/\/ferreteriaaldia.com\/shop\/producto\/espejo-fashion-corona\/#breadcrumb","itemListElement":[{"@type":"ListItem","position":1,"name":"Inicio","item":"https:\/\/ferreteriaaldia.com\/shop\/"},{"@type":"ListItem","position":2,"name":"Tienda","item":"https:\/\/ferreteriaaldia.com\/shop\/"},{"@type":"ListItem","position":3,"name":"Espejo Fashion Corona"}]},{"@type":"WebSite","@id":"https:\/\/ferreteriaaldia.com\/shop\/#website","url":"https:\/\/ferreteriaaldia.com\/shop\/","name":"Ferreteria al Dia","description":"","publisher":{"@id":"https:\/\/ferreteriaaldia.com\/shop\/#organization"},"potentialAction":[{"@type":"SearchAction","target":{"@type":"EntryPoint","urlTemplate":"https:\/\/ferreteriaaldia.com\/shop\/?s={search_term_string}"},"query-input":{"@type":"PropertyValueSpecification","valueRequired":true,"valueName":"search_term_string"}}],"inLanguage":"es"},{"@type":"Organization","@id":"https:\/\/ferreteriaaldia.com\/shop\/#organization","name":"Ferreteria al Dia","url":"https:\/\/ferreteriaaldia.com\/shop\/","logo":{"@type":"ImageObject","inLanguage":"es","@id":"https:\/\/ferreteriaaldia.com\/shop\/#\/schema\/logo\/image\/","url":"https:\/\/ferreteriaaldia.com\/shop\/wp-content\/uploads\/2026\/05\/logo-44.png","contentUrl":"https:\/\/ferreteriaaldia.com\/shop\/wp-content\/uploads\/2026\/05\/logo-44.png","width":320,"height":91,"caption":"Ferreteria al Dia"},"image":{"@id":"https:\/\/ferreteriaaldia.com\/shop\/#\/schema\/logo\/image\/"}}]}},"_links":{"self":[{"href":"https:\/\/ferreteriaaldia.com\/shop\/wp-json\/wp\/v2\/product\/600","targetHints":{"allow":["GET"]}}],"collection":[{"href":"https:\/\/ferreteriaaldia.com\/shop\/wp-json\/wp\/v2\/product"}],"about":[{"href":"https:\/\/ferreteriaaldia.com\/shop\/wp-json\/wp\/v2\/types\/product"}],"replies":[{"embeddable":true,"href":"https:\/\/ferreteriaaldia.com\/shop\/wp-json\/wp\/v2\/comments?post=600"}],"version-history":[{"count":0,"href":"https:\/\/ferreteriaaldia.com\/shop\/wp-json\/wp\/v2\/product\/600\/revisions"}],"wp:featuredmedia":[{"embeddable":true,"href":"https:\/\/ferreteriaaldia.com\/shop\/wp-json\/wp\/v2\/media\/614"}],"wp:attachment":[{"href":"https:\/\/ferreteriaaldia.com\/shop\/wp-json\/wp\/v2\/media?parent=600"}],"wp:term":[{"taxonomy":"product_brand","embeddable":true,"href":"https:\/\/ferreteriaaldia.com\/shop\/wp-json\/wp\/v2\/product_brand?post=600"},{"taxonomy":"product_cat","embeddable":true,"href":"https:\/\/ferreteriaaldia.com\/shop\/wp-json\/wp\/v2\/product_cat?post=600"},{"taxonomy":"product_tag","embeddable":true,"href":"https:\/\/ferreteriaaldia.com\/shop\/wp-json\/wp\/v2\/product_tag?post=600"}],"curies":[{"name":"wp","href":"https:\/\/api.w.org\/{rel}","templated":true}]}}