{"id":1073,"date":"2026-05-10T01:10:21","date_gmt":"2026-05-10T01:10:21","guid":{"rendered":"https:\/\/ferreteriaaldia.com\/shop\/?post_type=product&#038;p=1073"},"modified":"2026-05-10T01:11:25","modified_gmt":"2026-05-10T01:11:25","slug":"base-decorada-indi-triangulo-cafe-cara-unica-corona-2","status":"publish","type":"product","link":"https:\/\/ferreteriaaldia.com\/shop\/producto\/base-decorada-indi-triangulo-cafe-cara-unica-corona-2\/","title":{"rendered":"Base Decorada Indi Triangulo Caf\u00e9 Cara \u00danica Corona"},"content":{"rendered":"<p>Base decorada de 30 x 45 que acompa\u00f1a a la pared Myra. Su dise\u00f1o moderno est\u00e1 inspirado en los dibujos de las culturas tribales de la Amazon\u00eda con mezcla de colores primarios eb tonos neutros.<br \/>\nDecorada sobre la estructura de la pared Myra y compuesta por una ret\u00edcula de cuadros modernos complementada por rombos tridimensionales en algunos de sus \u00e1ngulos. \u00a1Pide la tuya! <strong>Preguntar Disponibilidad<\/strong><\/p>\n<h4><a href=\"https:\/\/ferreteriaaldia.com\/wp-content\/uploads\/2020\/11\/Ficha-T\u00e9cnica-Base-Decorada-Myra-Multicolor-Cara-\u00danica-Corona-Al-d\u00eda.pdf\" target=\"_blank\" rel=\"noopener noreferrer\"><img decoding=\"async\" class=\"alignnone wp-image-4010\" src=\"https:\/\/ferreteriaaldia.com\/wp-content\/uploads\/2020\/08\/27-300x300.png\" alt=\"\" width=\"50\" height=\"50\" \/><\/a>\u00a0Ficha T\u00e9cnica<\/h4>\n<h4>Ventajas<\/h4>\n<div id=\"advantages\" class=\"coc-collapsible-body collapse in\" aria-expanded=\"true\">\n<div class=\"coc-collapsible-inner\">\n<ul>\n<li>Acompa\u00f1a a la pared Myra.<\/li>\n<li>Compuesta por una ret\u00edcula de cuadros modernos complementada por rombos tridimensionales en algunos de sus \u00e1ngulos.<\/li>\n<li>Dise\u00f1o moderno con mezcla de colores primarios y tonos neutros.<\/li>\n<\/ul>\n<h4 class=\"coc-subtitle\">Atributos especiales<\/h4>\n<div class=\"coc-special-attributes-content\">\n<ul class=\"coc-special-attributes-list list-unstyled\">\n<li>Dise\u00f1o moderno inspirado en los dibujos de las culturas tribales de la Amazon\u00eda.<\/li>\n<\/ul>\n<\/div>\n<\/div>\n<\/div>\n<p>* Las fotograf\u00edas de productos y ambientes son ilustrativas, algunos atributos de color y textura pueden variar de acuerdo a la resoluci\u00f3n de tu pantalla y diferir de la realidad. Los elementos de ambientaci\u00f3n no se incluyen en la compra.<\/p>\n","protected":false},"excerpt":{"rendered":"<p>Base decorada de 30 x 45 que acompa\u00f1a a la pared Myra. Su dise\u00f1o moderno est\u00e1 inspirado en los dibujos de las culturas tribales de la Amazon\u00eda con mezcla de colores primarios eb tonos neutros. Decorada sobre la estructura de la pared Myra y compuesta por una ret\u00edcula de cuadros modernos complementada por rombos tridimensionales [&hellip;]<\/p>\n","protected":false},"featured_media":1133,"comment_status":"closed","ping_status":"closed","template":"","meta":{"_joinchat":[]},"product_brand":[26],"product_cat":[51],"product_tag":[29],"class_list":["post-1073","product","type-product","status-publish","has-post-thumbnail","product_brand-corona","product_cat-decorados","product_tag-pared","first","instock","taxable","shipping-taxable","product-type-simple"],"yoast_head":"<!-- This site is optimized with the Yoast SEO plugin v27.5 - https:\/\/yoast.com\/product\/yoast-seo-wordpress\/ -->\n<title>Base Decorada Indi Triangulo Caf\u00e9 Cara \u00danica Corona - Ferreteria al Dia<\/title>\n<meta name=\"robots\" content=\"index, follow, max-snippet:-1, max-image-preview:large, max-video-preview:-1\" \/>\n<link rel=\"canonical\" href=\"https:\/\/ferreteriaaldia.com\/shop\/producto\/base-decorada-indi-triangulo-cafe-cara-unica-corona-2\/\" \/>\n<meta property=\"og:locale\" content=\"es_ES\" \/>\n<meta property=\"og:type\" content=\"article\" \/>\n<meta property=\"og:title\" content=\"Base Decorada Indi Triangulo Caf\u00e9 Cara \u00danica Corona - Ferreteria al Dia\" \/>\n<meta property=\"og:description\" content=\"Base decorada de 30 x 45 que acompa\u00f1a a la pared Myra. Su dise\u00f1o moderno est\u00e1 inspirado en los dibujos de las culturas tribales de la Amazon\u00eda con mezcla de colores primarios eb tonos neutros. Decorada sobre la estructura de la pared Myra y compuesta por una ret\u00edcula de cuadros modernos complementada por rombos tridimensionales [&hellip;]\" \/>\n<meta property=\"og:url\" content=\"https:\/\/ferreteriaaldia.com\/shop\/producto\/base-decorada-indi-triangulo-cafe-cara-unica-corona-2\/\" \/>\n<meta property=\"og:site_name\" content=\"Ferreteria al Dia\" \/>\n<meta property=\"article:modified_time\" content=\"2026-05-10T01:11:25+00:00\" \/>\n<meta property=\"og:image\" content=\"https:\/\/ferreteriaaldia.com\/shop\/wp-content\/uploads\/2026\/05\/revestimiento-base-decorada-myra-multicolor-cara-unica-Al-dia.jpg\" \/>\n\t<meta property=\"og:image:width\" content=\"1200\" \/>\n\t<meta property=\"og:image:height\" content=\"1200\" \/>\n\t<meta property=\"og:image:type\" content=\"image\/jpeg\" \/>\n<meta name=\"twitter:card\" content=\"summary_large_image\" \/>\n<meta name=\"twitter:label1\" content=\"Tiempo de lectura\" \/>\n\t<meta name=\"twitter:data1\" content=\"1 minuto\" \/>\n<script type=\"application\/ld+json\" class=\"yoast-schema-graph\">{\"@context\":\"https:\\\/\\\/schema.org\",\"@graph\":[{\"@type\":\"WebPage\",\"@id\":\"https:\\\/\\\/ferreteriaaldia.com\\\/shop\\\/producto\\\/base-decorada-indi-triangulo-cafe-cara-unica-corona-2\\\/\",\"url\":\"https:\\\/\\\/ferreteriaaldia.com\\\/shop\\\/producto\\\/base-decorada-indi-triangulo-cafe-cara-unica-corona-2\\\/\",\"name\":\"Base Decorada Indi Triangulo Caf\u00e9 Cara \u00danica Corona - Ferreteria al Dia\",\"isPartOf\":{\"@id\":\"https:\\\/\\\/ferreteriaaldia.com\\\/shop\\\/#website\"},\"primaryImageOfPage\":{\"@id\":\"https:\\\/\\\/ferreteriaaldia.com\\\/shop\\\/producto\\\/base-decorada-indi-triangulo-cafe-cara-unica-corona-2\\\/#primaryimage\"},\"image\":{\"@id\":\"https:\\\/\\\/ferreteriaaldia.com\\\/shop\\\/producto\\\/base-decorada-indi-triangulo-cafe-cara-unica-corona-2\\\/#primaryimage\"},\"thumbnailUrl\":\"https:\\\/\\\/ferreteriaaldia.com\\\/shop\\\/wp-content\\\/uploads\\\/2026\\\/05\\\/revestimiento-base-decorada-myra-multicolor-cara-unica-Al-dia.jpg\",\"datePublished\":\"2026-05-10T01:10:21+00:00\",\"dateModified\":\"2026-05-10T01:11:25+00:00\",\"breadcrumb\":{\"@id\":\"https:\\\/\\\/ferreteriaaldia.com\\\/shop\\\/producto\\\/base-decorada-indi-triangulo-cafe-cara-unica-corona-2\\\/#breadcrumb\"},\"inLanguage\":\"es\",\"potentialAction\":[{\"@type\":\"ReadAction\",\"target\":[\"https:\\\/\\\/ferreteriaaldia.com\\\/shop\\\/producto\\\/base-decorada-indi-triangulo-cafe-cara-unica-corona-2\\\/\"]}]},{\"@type\":\"ImageObject\",\"inLanguage\":\"es\",\"@id\":\"https:\\\/\\\/ferreteriaaldia.com\\\/shop\\\/producto\\\/base-decorada-indi-triangulo-cafe-cara-unica-corona-2\\\/#primaryimage\",\"url\":\"https:\\\/\\\/ferreteriaaldia.com\\\/shop\\\/wp-content\\\/uploads\\\/2026\\\/05\\\/revestimiento-base-decorada-myra-multicolor-cara-unica-Al-dia.jpg\",\"contentUrl\":\"https:\\\/\\\/ferreteriaaldia.com\\\/shop\\\/wp-content\\\/uploads\\\/2026\\\/05\\\/revestimiento-base-decorada-myra-multicolor-cara-unica-Al-dia.jpg\",\"width\":1200,\"height\":1200},{\"@type\":\"BreadcrumbList\",\"@id\":\"https:\\\/\\\/ferreteriaaldia.com\\\/shop\\\/producto\\\/base-decorada-indi-triangulo-cafe-cara-unica-corona-2\\\/#breadcrumb\",\"itemListElement\":[{\"@type\":\"ListItem\",\"position\":1,\"name\":\"Inicio\",\"item\":\"https:\\\/\\\/ferreteriaaldia.com\\\/shop\\\/\"},{\"@type\":\"ListItem\",\"position\":2,\"name\":\"Tienda\",\"item\":\"https:\\\/\\\/ferreteriaaldia.com\\\/shop\\\/\"},{\"@type\":\"ListItem\",\"position\":3,\"name\":\"Base Decorada Indi Triangulo Caf\u00e9 Cara \u00danica Corona\"}]},{\"@type\":\"WebSite\",\"@id\":\"https:\\\/\\\/ferreteriaaldia.com\\\/shop\\\/#website\",\"url\":\"https:\\\/\\\/ferreteriaaldia.com\\\/shop\\\/\",\"name\":\"Ferreteria al Dia\",\"description\":\"\",\"publisher\":{\"@id\":\"https:\\\/\\\/ferreteriaaldia.com\\\/shop\\\/#organization\"},\"potentialAction\":[{\"@type\":\"SearchAction\",\"target\":{\"@type\":\"EntryPoint\",\"urlTemplate\":\"https:\\\/\\\/ferreteriaaldia.com\\\/shop\\\/?s={search_term_string}\"},\"query-input\":{\"@type\":\"PropertyValueSpecification\",\"valueRequired\":true,\"valueName\":\"search_term_string\"}}],\"inLanguage\":\"es\"},{\"@type\":\"Organization\",\"@id\":\"https:\\\/\\\/ferreteriaaldia.com\\\/shop\\\/#organization\",\"name\":\"Ferreteria al Dia\",\"url\":\"https:\\\/\\\/ferreteriaaldia.com\\\/shop\\\/\",\"logo\":{\"@type\":\"ImageObject\",\"inLanguage\":\"es\",\"@id\":\"https:\\\/\\\/ferreteriaaldia.com\\\/shop\\\/#\\\/schema\\\/logo\\\/image\\\/\",\"url\":\"https:\\\/\\\/ferreteriaaldia.com\\\/shop\\\/wp-content\\\/uploads\\\/2026\\\/05\\\/logo-44.png\",\"contentUrl\":\"https:\\\/\\\/ferreteriaaldia.com\\\/shop\\\/wp-content\\\/uploads\\\/2026\\\/05\\\/logo-44.png\",\"width\":320,\"height\":91,\"caption\":\"Ferreteria al Dia\"},\"image\":{\"@id\":\"https:\\\/\\\/ferreteriaaldia.com\\\/shop\\\/#\\\/schema\\\/logo\\\/image\\\/\"}}]}<\/script>\n<!-- \/ Yoast SEO plugin. -->","yoast_head_json":{"title":"Base Decorada Indi Triangulo Caf\u00e9 Cara \u00danica Corona - Ferreteria al Dia","robots":{"index":"index","follow":"follow","max-snippet":"max-snippet:-1","max-image-preview":"max-image-preview:large","max-video-preview":"max-video-preview:-1"},"canonical":"https:\/\/ferreteriaaldia.com\/shop\/producto\/base-decorada-indi-triangulo-cafe-cara-unica-corona-2\/","og_locale":"es_ES","og_type":"article","og_title":"Base Decorada Indi Triangulo Caf\u00e9 Cara \u00danica Corona - Ferreteria al Dia","og_description":"Base decorada de 30 x 45 que acompa\u00f1a a la pared Myra. Su dise\u00f1o moderno est\u00e1 inspirado en los dibujos de las culturas tribales de la Amazon\u00eda con mezcla de colores primarios eb tonos neutros. Decorada sobre la estructura de la pared Myra y compuesta por una ret\u00edcula de cuadros modernos complementada por rombos tridimensionales [&hellip;]","og_url":"https:\/\/ferreteriaaldia.com\/shop\/producto\/base-decorada-indi-triangulo-cafe-cara-unica-corona-2\/","og_site_name":"Ferreteria al Dia","article_modified_time":"2026-05-10T01:11:25+00:00","og_image":[{"width":1200,"height":1200,"url":"https:\/\/ferreteriaaldia.com\/shop\/wp-content\/uploads\/2026\/05\/revestimiento-base-decorada-myra-multicolor-cara-unica-Al-dia.jpg","type":"image\/jpeg"}],"twitter_card":"summary_large_image","twitter_misc":{"Tiempo de lectura":"1 minuto"},"schema":{"@context":"https:\/\/schema.org","@graph":[{"@type":"WebPage","@id":"https:\/\/ferreteriaaldia.com\/shop\/producto\/base-decorada-indi-triangulo-cafe-cara-unica-corona-2\/","url":"https:\/\/ferreteriaaldia.com\/shop\/producto\/base-decorada-indi-triangulo-cafe-cara-unica-corona-2\/","name":"Base Decorada Indi Triangulo Caf\u00e9 Cara \u00danica Corona - Ferreteria al Dia","isPartOf":{"@id":"https:\/\/ferreteriaaldia.com\/shop\/#website"},"primaryImageOfPage":{"@id":"https:\/\/ferreteriaaldia.com\/shop\/producto\/base-decorada-indi-triangulo-cafe-cara-unica-corona-2\/#primaryimage"},"image":{"@id":"https:\/\/ferreteriaaldia.com\/shop\/producto\/base-decorada-indi-triangulo-cafe-cara-unica-corona-2\/#primaryimage"},"thumbnailUrl":"https:\/\/ferreteriaaldia.com\/shop\/wp-content\/uploads\/2026\/05\/revestimiento-base-decorada-myra-multicolor-cara-unica-Al-dia.jpg","datePublished":"2026-05-10T01:10:21+00:00","dateModified":"2026-05-10T01:11:25+00:00","breadcrumb":{"@id":"https:\/\/ferreteriaaldia.com\/shop\/producto\/base-decorada-indi-triangulo-cafe-cara-unica-corona-2\/#breadcrumb"},"inLanguage":"es","potentialAction":[{"@type":"ReadAction","target":["https:\/\/ferreteriaaldia.com\/shop\/producto\/base-decorada-indi-triangulo-cafe-cara-unica-corona-2\/"]}]},{"@type":"ImageObject","inLanguage":"es","@id":"https:\/\/ferreteriaaldia.com\/shop\/producto\/base-decorada-indi-triangulo-cafe-cara-unica-corona-2\/#primaryimage","url":"https:\/\/ferreteriaaldia.com\/shop\/wp-content\/uploads\/2026\/05\/revestimiento-base-decorada-myra-multicolor-cara-unica-Al-dia.jpg","contentUrl":"https:\/\/ferreteriaaldia.com\/shop\/wp-content\/uploads\/2026\/05\/revestimiento-base-decorada-myra-multicolor-cara-unica-Al-dia.jpg","width":1200,"height":1200},{"@type":"BreadcrumbList","@id":"https:\/\/ferreteriaaldia.com\/shop\/producto\/base-decorada-indi-triangulo-cafe-cara-unica-corona-2\/#breadcrumb","itemListElement":[{"@type":"ListItem","position":1,"name":"Inicio","item":"https:\/\/ferreteriaaldia.com\/shop\/"},{"@type":"ListItem","position":2,"name":"Tienda","item":"https:\/\/ferreteriaaldia.com\/shop\/"},{"@type":"ListItem","position":3,"name":"Base Decorada Indi Triangulo Caf\u00e9 Cara \u00danica Corona"}]},{"@type":"WebSite","@id":"https:\/\/ferreteriaaldia.com\/shop\/#website","url":"https:\/\/ferreteriaaldia.com\/shop\/","name":"Ferreteria al Dia","description":"","publisher":{"@id":"https:\/\/ferreteriaaldia.com\/shop\/#organization"},"potentialAction":[{"@type":"SearchAction","target":{"@type":"EntryPoint","urlTemplate":"https:\/\/ferreteriaaldia.com\/shop\/?s={search_term_string}"},"query-input":{"@type":"PropertyValueSpecification","valueRequired":true,"valueName":"search_term_string"}}],"inLanguage":"es"},{"@type":"Organization","@id":"https:\/\/ferreteriaaldia.com\/shop\/#organization","name":"Ferreteria al Dia","url":"https:\/\/ferreteriaaldia.com\/shop\/","logo":{"@type":"ImageObject","inLanguage":"es","@id":"https:\/\/ferreteriaaldia.com\/shop\/#\/schema\/logo\/image\/","url":"https:\/\/ferreteriaaldia.com\/shop\/wp-content\/uploads\/2026\/05\/logo-44.png","contentUrl":"https:\/\/ferreteriaaldia.com\/shop\/wp-content\/uploads\/2026\/05\/logo-44.png","width":320,"height":91,"caption":"Ferreteria al Dia"},"image":{"@id":"https:\/\/ferreteriaaldia.com\/shop\/#\/schema\/logo\/image\/"}}]}},"_links":{"self":[{"href":"https:\/\/ferreteriaaldia.com\/shop\/wp-json\/wp\/v2\/product\/1073","targetHints":{"allow":["GET"]}}],"collection":[{"href":"https:\/\/ferreteriaaldia.com\/shop\/wp-json\/wp\/v2\/product"}],"about":[{"href":"https:\/\/ferreteriaaldia.com\/shop\/wp-json\/wp\/v2\/types\/product"}],"replies":[{"embeddable":true,"href":"https:\/\/ferreteriaaldia.com\/shop\/wp-json\/wp\/v2\/comments?post=1073"}],"version-history":[{"count":0,"href":"https:\/\/ferreteriaaldia.com\/shop\/wp-json\/wp\/v2\/product\/1073\/revisions"}],"wp:featuredmedia":[{"embeddable":true,"href":"https:\/\/ferreteriaaldia.com\/shop\/wp-json\/wp\/v2\/media\/1133"}],"wp:attachment":[{"href":"https:\/\/ferreteriaaldia.com\/shop\/wp-json\/wp\/v2\/media?parent=1073"}],"wp:term":[{"taxonomy":"product_brand","embeddable":true,"href":"https:\/\/ferreteriaaldia.com\/shop\/wp-json\/wp\/v2\/product_brand?post=1073"},{"taxonomy":"product_cat","embeddable":true,"href":"https:\/\/ferreteriaaldia.com\/shop\/wp-json\/wp\/v2\/product_cat?post=1073"},{"taxonomy":"product_tag","embeddable":true,"href":"https:\/\/ferreteriaaldia.com\/shop\/wp-json\/wp\/v2\/product_tag?post=1073"}],"curies":[{"name":"wp","href":"https:\/\/api.w.org\/{rel}","templated":true}]}}